{"id":1359,"date":"2017-08-17T15:02:19","date_gmt":"2017-08-17T19:02:19","guid":{"rendered":"http:\/\/www.shcote-nord.org\/wp\/?page_id=1359"},"modified":"2023-08-21T13:05:58","modified_gmt":"2023-08-21T18:05:58","slug":"collection1","status":"publish","type":"page","link":"https:\/\/www.shcote-nord.org\/wp\/?page_id=1359","title":{"rendered":"Collection sites et villages nord-c\u00f4tiers"},"content":{"rendered":"<h4><span style=\"color: #31ce31;\"><span style=\"color: #cccccc;\">80 ans d&rsquo;histoire en images \u00a0| 2017 |<\/span> 10,00$<\/span><\/h4>\n<p><img loading=\"lazy\" decoding=\"async\" class=\" wp-image-1388 alignleft\" src=\"http:\/\/www.shcote-nord.org\/wp\/wp-content\/uploads\/2017\/08\/80ansdhistoire-en-images001-230x300.jpg\" alt=\"\" width=\"156\" height=\"203\" srcset=\"https:\/\/www.shcote-nord.org\/wp\/wp-content\/uploads\/2017\/08\/80ansdhistoire-en-images001-230x300.jpg 230w, https:\/\/www.shcote-nord.org\/wp\/wp-content\/uploads\/2017\/08\/80ansdhistoire-en-images001-768x1000.jpg 768w, https:\/\/www.shcote-nord.org\/wp\/wp-content\/uploads\/2017\/08\/80ansdhistoire-en-images001-787x1024.jpg 787w, https:\/\/www.shcote-nord.org\/wp\/wp-content\/uploads\/2017\/08\/80ansdhistoire-en-images001-1080x1406.jpg 1080w, https:\/\/www.shcote-nord.org\/wp\/wp-content\/uploads\/2017\/08\/80ansdhistoire-en-images001.jpg 1232w\" sizes=\"auto, (max-width: 156px) 100vw, 156px\" \/><\/p>\n<p>par: Catherine Pellerin et Rapha\u00ebl Hovington<\/p>\n<p><a href=\"http:\/\/www.shcote-nord.org\/wp\/?page_id=1971\">R\u00e9sum\u00e9<\/a><\/p>\n<h4><span style=\"color: #31ce31;\"><span style=\"color: #cccccc;\">Baie-Comeau over the years | 2013 |<\/span> 45,00$<\/span><\/h4>\n<p><img loading=\"lazy\" decoding=\"async\" class=\"wp-image-1275 alignleft\" src=\"http:\/\/www.shcote-nord.org\/wp\/wp-content\/uploads\/2017\/08\/SV-008-230x300.jpg\" alt=\"\" width=\"150\" height=\"196\" srcset=\"https:\/\/www.shcote-nord.org\/wp\/wp-content\/uploads\/2017\/08\/SV-008-230x300.jpg 230w, https:\/\/www.shcote-nord.org\/wp\/wp-content\/uploads\/2017\/08\/SV-008-768x1001.jpg 768w, https:\/\/www.shcote-nord.org\/wp\/wp-content\/uploads\/2017\/08\/SV-008-786x1024.jpg 786w, https:\/\/www.shcote-nord.org\/wp\/wp-content\/uploads\/2017\/08\/SV-008.jpg 838w\" sizes=\"auto, (max-width: 150px) 100vw, 150px\" \/><\/p>\n<p>par: Marie-\u00c8ve Ch\u00eanevert, Pierre-Philippe Landry,<br \/>\nCatherine Pellerin<\/p>\n<p><a href=\"http:\/\/www.shcote-nord.org\/wp\/?page_id=1968\">R\u00e9sum\u00e9<\/a><\/p>\n<h4><span style=\"color: #31ce31;\"><span style=\"color: #cccccc;\">Baie-Comeau au fil du temps | 2012 |<\/span> \u00c9puis\u00e9<\/span><\/h4>\n<p><img loading=\"lazy\" decoding=\"async\" class=\"wp-image-1277 alignleft\" src=\"http:\/\/www.shcote-nord.org\/wp\/wp-content\/uploads\/2017\/08\/V-008a-232x300.jpg\" alt=\"\" width=\"151\" height=\"195\" srcset=\"https:\/\/www.shcote-nord.org\/wp\/wp-content\/uploads\/2017\/08\/V-008a-232x300.jpg 232w, https:\/\/www.shcote-nord.org\/wp\/wp-content\/uploads\/2017\/08\/V-008a-768x994.jpg 768w, https:\/\/www.shcote-nord.org\/wp\/wp-content\/uploads\/2017\/08\/V-008a-791x1024.jpg 791w, https:\/\/www.shcote-nord.org\/wp\/wp-content\/uploads\/2017\/08\/V-008a.jpg 844w\" sizes=\"auto, (max-width: 151px) 100vw, 151px\" \/><\/p>\n<p>par: Marie-\u00c8ve Ch\u00eanevert, Pierre-Philippe Landry,\u00a0Catherine Pellerin<\/p>\n<p><a href=\"http:\/\/www.shcote-nord.org\/wp\/?page_id=1966\">R\u00e9sum\u00e9<\/a><\/p>\n<h4><span style=\"color: #31ce31;\"><span style=\"color: #cccccc;\">Chute-aux-Outardes | 2007 |<\/span> 40,00$<\/span><\/h4>\n<p><img loading=\"lazy\" decoding=\"async\" class=\"wp-image-1276 alignleft\" src=\"http:\/\/www.shcote-nord.org\/wp\/wp-content\/uploads\/2017\/08\/V-001-229x300.jpg\" alt=\"\" width=\"150\" height=\"197\" srcset=\"https:\/\/www.shcote-nord.org\/wp\/wp-content\/uploads\/2017\/08\/V-001-229x300.jpg 229w, https:\/\/www.shcote-nord.org\/wp\/wp-content\/uploads\/2017\/08\/V-001-768x1006.jpg 768w, https:\/\/www.shcote-nord.org\/wp\/wp-content\/uploads\/2017\/08\/V-001-782x1024.jpg 782w, https:\/\/www.shcote-nord.org\/wp\/wp-content\/uploads\/2017\/08\/V-001.jpg 824w\" sizes=\"auto, (max-width: 150px) 100vw, 150px\" \/><\/p>\n<p>par: Pierre Frenette<br \/>\nAvec la collaboration du Cercle des fermi\u00e8res de C-A-O<\/p>\n<p><a href=\"http:\/\/www.shcote-nord.org\/wp\/?page_id=1540\" target=\"_blank\" rel=\"noopener\">R\u00e9sum\u00e9<\/a><\/p>\n<h4><span style=\"color: #31ce31;\"><span style=\"color: #cccccc;\">Natashquan&#8230; Le Go\u00fbt du Large | 2005 |<\/span> 35,00$\u00a0<\/span><\/h4>\n<p><img loading=\"lazy\" decoding=\"async\" class=\"wp-image-1216 alignleft\" src=\"http:\/\/www.shcote-nord.org\/wp\/wp-content\/uploads\/2017\/08\/A-015-225x300.jpg\" alt=\"\" width=\"156\" height=\"208\" srcset=\"https:\/\/www.shcote-nord.org\/wp\/wp-content\/uploads\/2017\/08\/A-015-225x300.jpg 225w, https:\/\/www.shcote-nord.org\/wp\/wp-content\/uploads\/2017\/08\/A-015-768x1024.jpg 768w, https:\/\/www.shcote-nord.org\/wp\/wp-content\/uploads\/2017\/08\/A-015.jpg 895w\" sizes=\"auto, (max-width: 156px) 100vw, 156px\" \/><\/p>\n<p>par: Pierre Frenette et Bernard Landry<br \/>\n\u00c9ditions: Les Nouvelles \u00c9ditions de l&rsquo;ARC<\/p>\n<p><a href=\"http:\/\/www.shcote-nord.org\/wp\/?page_id=1545\" target=\"_blank\" rel=\"noopener\">R\u00e9sum\u00e9<\/a><\/p>\n<h4><span style=\"color: #31ce31;\"><span style=\"color: #cccccc;\">Histoire des Escoumins | 1996 |<\/span> 10,00$<\/span><\/h4>\n<p><img loading=\"lazy\" decoding=\"async\" class=\"wp-image-1274 alignleft\" src=\"http:\/\/www.shcote-nord.org\/wp\/wp-content\/uploads\/2017\/08\/SV_007-236x300.jpg\" alt=\"\" width=\"150\" height=\"191\" srcset=\"https:\/\/www.shcote-nord.org\/wp\/wp-content\/uploads\/2017\/08\/SV_007-236x300.jpg 236w, https:\/\/www.shcote-nord.org\/wp\/wp-content\/uploads\/2017\/08\/SV_007.jpg 739w\" sizes=\"auto, (max-width: 150px) 100vw, 150px\" \/><\/p>\n<p>Num\u00e9ro 7<br \/>\npar: Pierre Frenette<\/p>\n<p><a href=\"http:\/\/www.shcote-nord.org\/wp\/?page_id=1575\" target=\"_blank\" rel=\"noopener\">R\u00e9sum\u00e9<\/a><\/p>\n<h4><span style=\"color: #31ce31;\"><span style=\"color: #cccccc;\">Ragueneau : histoire et souvenirs | 1995 |<\/span> \u00c9puis\u00e9<\/span><\/h4>\n<p><img loading=\"lazy\" decoding=\"async\" class=\"alignleft wp-image-1719\" src=\"http:\/\/www.shcote-nord.org\/wp\/wp-content\/uploads\/2017\/11\/A-033-1.jpg\" alt=\"\" width=\"146\" height=\"179\" srcset=\"https:\/\/www.shcote-nord.org\/wp\/wp-content\/uploads\/2017\/11\/A-033-1.jpg 1102w, https:\/\/www.shcote-nord.org\/wp\/wp-content\/uploads\/2017\/11\/A-033-1-244x300.jpg 244w, https:\/\/www.shcote-nord.org\/wp\/wp-content\/uploads\/2017\/11\/A-033-1-768x943.jpg 768w, https:\/\/www.shcote-nord.org\/wp\/wp-content\/uploads\/2017\/11\/A-033-1-834x1024.jpg 834w, https:\/\/www.shcote-nord.org\/wp\/wp-content\/uploads\/2017\/11\/A-033-1-1080x1326.jpg 1080w\" sizes=\"auto, (max-width: 146px) 100vw, 146px\" \/>Num\u00e9ro 6<br \/>\npar Pierre Frenette et R\u00e9jean Beaudin<\/p>\n<p><a href=\"http:\/\/www.shcote-nord.org\/wp\/?page_id=1958\" target=\"_blank\" rel=\"noopener\">R\u00e9sum\u00e9<\/a><\/p>\n<h4><span style=\"color: #31ce31;\"><span style=\"color: #cccccc;\">Histoire de Forestville | 1994 |<\/span> 10,00$<\/span><\/h4>\n<p><img loading=\"lazy\" decoding=\"async\" class=\"wp-image-1273 alignleft\" src=\"http:\/\/www.shcote-nord.org\/wp\/wp-content\/uploads\/2017\/08\/SV_005-245x300.jpg\" alt=\"\" width=\"150\" height=\"184\" srcset=\"https:\/\/www.shcote-nord.org\/wp\/wp-content\/uploads\/2017\/08\/SV_005-245x300.jpg 245w, https:\/\/www.shcote-nord.org\/wp\/wp-content\/uploads\/2017\/08\/SV_005.jpg 762w\" sizes=\"auto, (max-width: 150px) 100vw, 150px\" \/><\/p>\n<p>Num\u00e9ro 5<br \/>\npar: Pierre Frenette et Jacques Ross<\/p>\n<p><a href=\"http:\/\/www.shcote-nord.org\/wp\/?page_id=1577\" target=\"_blank\" rel=\"noopener\">R\u00e9sum\u00e9<\/a><\/p>\n<h4><span style=\"color: #31ce31;\"><span style=\"color: #cccccc;\">Godbout : un poste de traite devenu village | 1993 |<\/span> \u00c9puis\u00e9<\/span><\/h4>\n<p><img loading=\"lazy\" decoding=\"async\" class=\"alignleft wp-image-1663\" src=\"http:\/\/www.shcote-nord.org\/wp\/wp-content\/uploads\/2017\/11\/A-025.jpg\" alt=\"\" width=\"147\" height=\"188\" srcset=\"https:\/\/www.shcote-nord.org\/wp\/wp-content\/uploads\/2017\/11\/A-025.jpg 2173w, https:\/\/www.shcote-nord.org\/wp\/wp-content\/uploads\/2017\/11\/A-025-236x300.jpg 236w, https:\/\/www.shcote-nord.org\/wp\/wp-content\/uploads\/2017\/11\/A-025-768x978.jpg 768w, https:\/\/www.shcote-nord.org\/wp\/wp-content\/uploads\/2017\/11\/A-025-804x1024.jpg 804w, https:\/\/www.shcote-nord.org\/wp\/wp-content\/uploads\/2017\/11\/A-025-1080x1375.jpg 1080w\" sizes=\"auto, (max-width: 147px) 100vw, 147px\" \/>Num\u00e9ro 4<br \/>\npar R\u00e9jean Beaudin et Pierre Frenette<\/p>\n<p><a href=\"http:\/\/www.shcote-nord.org\/wp\/?page_id=1960\" target=\"_blank\" rel=\"noopener\">R\u00e9sum\u00e9<\/a><\/p>\n<h4><span style=\"color: #31ce31;\"><span style=\"color: #cccccc;\">Chute-aux-Outardes, d&rsquo;hier \u00e0 aujourd&rsquo;hui | 1991 |<\/span> 8,00 $<\/span><\/h4>\n<p><img loading=\"lazy\" decoding=\"async\" class=\"alignleft wp-image-1272\" src=\"http:\/\/www.shcote-nord.org\/wp\/wp-content\/uploads\/2017\/08\/SV_003.jpg\" alt=\"\" width=\"145\" height=\"186\" srcset=\"https:\/\/www.shcote-nord.org\/wp\/wp-content\/uploads\/2017\/08\/SV_003.jpg 733w, https:\/\/www.shcote-nord.org\/wp\/wp-content\/uploads\/2017\/08\/SV_003-234x300.jpg 234w\" sizes=\"auto, (max-width: 145px) 100vw, 145px\" \/>Num\u00e9ro 3<br \/>\npar Jean-Pierre B\u00e9langer et Philom\u00e8ne L\u00e9vesque<\/p>\n<p>R\u00e9sum\u00e9<\/p>\n<h4><span style=\"color: #31ce31;\"><span style=\"color: #cccccc;\">Le phare historique de Pointe-des-Monts et ses gardiens | 1990 |<\/span> 8,00$<\/span><\/h4>\n<p><img loading=\"lazy\" decoding=\"async\" class=\"wp-image-1271 alignleft\" src=\"http:\/\/www.shcote-nord.org\/wp\/wp-content\/uploads\/2017\/08\/SV_002-243x300.jpg\" alt=\"\" width=\"150\" height=\"185\" srcset=\"https:\/\/www.shcote-nord.org\/wp\/wp-content\/uploads\/2017\/08\/SV_002-243x300.jpg 243w, https:\/\/www.shcote-nord.org\/wp\/wp-content\/uploads\/2017\/08\/SV_002.jpg 750w\" sizes=\"auto, (max-width: 150px) 100vw, 150px\" \/><\/p>\n<p>Num\u00e9ro 2<br \/>\npar: Pierre Frenette<\/p>\n<p><a href=\"http:\/\/www.shcote-nord.org\/wp\/?page_id=1580\" target=\"_blank\" rel=\"noopener\">R\u00e9sum\u00e9<\/a><\/p>\n<h4><span style=\"color: #31ce31;\"><span style=\"color: #cccccc;\">Un parc religieux \u00e0 Baie-Comeau | 1989 |<\/span> 3,00$<\/span><\/h4>\n<p><img loading=\"lazy\" decoding=\"async\" class=\"wp-image-1270 alignleft\" src=\"http:\/\/www.shcote-nord.org\/wp\/wp-content\/uploads\/2017\/08\/SV_001-243x300.jpg\" alt=\"\" width=\"156\" height=\"193\" srcset=\"https:\/\/www.shcote-nord.org\/wp\/wp-content\/uploads\/2017\/08\/SV_001-243x300.jpg 243w, https:\/\/www.shcote-nord.org\/wp\/wp-content\/uploads\/2017\/08\/SV_001.jpg 738w\" sizes=\"auto, (max-width: 156px) 100vw, 156px\" \/><\/p>\n<p>Num\u00e9ro 1<br \/>\npar: Anita Julien Paquet<\/p>\n<p><a href=\"http:\/\/www.shcote-nord.org\/wp\/?page_id=1584\" target=\"_blank\" rel=\"noopener\">R\u00e9sum\u00e9<\/a><\/p>\n<h4><span style=\"color: #31ce31;\"><span style=\"color: #cccccc;\">Godbout au tournant du si\u00e8cle | 1983 |<\/span> 2,00$<\/span><\/h4>\n<p><img loading=\"lazy\" decoding=\"async\" class=\"alignleft wp-image-1655\" src=\"http:\/\/www.shcote-nord.org\/wp\/wp-content\/uploads\/2017\/11\/A-031.jpg\" alt=\"\" width=\"147\" height=\"234\" srcset=\"https:\/\/www.shcote-nord.org\/wp\/wp-content\/uploads\/2017\/11\/A-031.jpg 1584w, https:\/\/www.shcote-nord.org\/wp\/wp-content\/uploads\/2017\/11\/A-031-188x300.jpg 188w, https:\/\/www.shcote-nord.org\/wp\/wp-content\/uploads\/2017\/11\/A-031-768x1227.jpg 768w, https:\/\/www.shcote-nord.org\/wp\/wp-content\/uploads\/2017\/11\/A-031-641x1024.jpg 641w, https:\/\/www.shcote-nord.org\/wp\/wp-content\/uploads\/2017\/11\/A-031-1080x1726.jpg 1080w\" sizes=\"auto, (max-width: 147px) 100vw, 147px\" \/>par: R\u00e9jean Beaudin<\/p>\n<p><a href=\"http:\/\/www.shcote-nord.org\/wp\/?page_id=1587\" target=\"_blank\" rel=\"noopener\">R\u00e9sum\u00e9<\/a><\/p>\n","protected":false},"excerpt":{"rendered":"<p>80 ans d&rsquo;histoire en images \u00a0| 2017 | 10,00$ par: Catherine Pellerin et Rapha\u00ebl Hovington R\u00e9sum\u00e9 Baie-Comeau over the years | 2013 | 45,00$ par: Marie-\u00c8ve Ch\u00eanevert, Pierre-Philippe Landry, Catherine Pellerin R\u00e9sum\u00e9 Baie-Comeau au fil du temps | 2012 | \u00c9puis\u00e9 par: Marie-\u00c8ve Ch\u00eanevert, Pierre-Philippe Landry,\u00a0Catherine Pellerin R\u00e9sum\u00e9 Chute-aux-Outardes | 2007 | 40,00$ par: Pierre &hellip; <a href=\"https:\/\/www.shcote-nord.org\/wp\/?page_id=1359\" class=\"more-link\">Lire la suite de <span class=\"screen-reader-text\">Collection sites et villages nord-c\u00f4tiers<\/span><\/a><\/p>\n","protected":false},"author":1,"featured_media":0,"parent":69,"menu_order":0,"comment_status":"closed","ping_status":"closed","template":"","meta":{"_mc_calendar":[],"footnotes":""},"class_list":["post-1359","page","type-page","status-publish","hentry","no-featured-image"],"yoast_head":"<!-- This site is optimized with the Yoast SEO plugin v27.5 - https:\/\/yoast.com\/product\/yoast-seo-wordpress\/ -->\n<title>Collection sites et villages nord-c\u00f4tiers &#8902; Soci\u00e9t\u00e9 historique de la C\u00f4te-Nord<\/title>\n<meta name=\"robots\" content=\"index, follow, max-snippet:-1, max-image-preview:large, max-video-preview:-1\" \/>\n<link rel=\"canonical\" href=\"https:\/\/www.shcote-nord.org\/wp\/?page_id=1359\" \/>\n<meta property=\"og:locale\" content=\"fr_FR\" \/>\n<meta property=\"og:type\" content=\"article\" \/>\n<meta property=\"og:title\" content=\"Collection sites et villages nord-c\u00f4tiers &#8902; Soci\u00e9t\u00e9 historique de la C\u00f4te-Nord\" \/>\n<meta property=\"og:description\" content=\"80 ans d&rsquo;histoire en images \u00a0| 2017 | 10,00$ par: Catherine Pellerin et Rapha\u00ebl Hovington R\u00e9sum\u00e9 Baie-Comeau over the years | 2013 | 45,00$ par: Marie-\u00c8ve Ch\u00eanevert, Pierre-Philippe Landry, Catherine Pellerin R\u00e9sum\u00e9 Baie-Comeau au fil du temps | 2012 | \u00c9puis\u00e9 par: Marie-\u00c8ve Ch\u00eanevert, Pierre-Philippe Landry,\u00a0Catherine Pellerin R\u00e9sum\u00e9 Chute-aux-Outardes | 2007 | 40,00$ par: Pierre &hellip; Lire la suite de Collection sites et villages nord-c\u00f4tiers\" \/>\n<meta property=\"og:url\" content=\"https:\/\/www.shcote-nord.org\/wp\/?page_id=1359\" \/>\n<meta property=\"og:site_name\" content=\"Soci\u00e9t\u00e9 historique de la C\u00f4te-Nord\" \/>\n<meta property=\"article:publisher\" content=\"https:\/\/www.facebook.com\/shcotenord\/\" \/>\n<meta property=\"article:modified_time\" content=\"2023-08-21T18:05:58+00:00\" \/>\n<meta property=\"og:image\" content=\"http:\/\/www.shcote-nord.org\/wp\/wp-content\/uploads\/2017\/08\/80ansdhistoire-en-images001-230x300.jpg\" \/>\n<meta name=\"twitter:card\" content=\"summary_large_image\" \/>\n<meta name=\"twitter:label1\" content=\"Dur\u00e9e de lecture estim\u00e9e\" \/>\n\t<meta name=\"twitter:data1\" content=\"4 minutes\" \/>\n<script type=\"application\/ld+json\" class=\"yoast-schema-graph\">{\"@context\":\"https:\\\/\\\/schema.org\",\"@graph\":[{\"@type\":\"WebPage\",\"@id\":\"https:\\\/\\\/www.shcote-nord.org\\\/wp\\\/?page_id=1359\",\"url\":\"https:\\\/\\\/www.shcote-nord.org\\\/wp\\\/?page_id=1359\",\"name\":\"Collection sites et villages nord-c\u00f4tiers &#8902; Soci\u00e9t\u00e9 historique de la C\u00f4te-Nord\",\"isPartOf\":{\"@id\":\"https:\\\/\\\/www.shcote-nord.org\\\/wp\\\/#website\"},\"primaryImageOfPage\":{\"@id\":\"https:\\\/\\\/www.shcote-nord.org\\\/wp\\\/?page_id=1359#primaryimage\"},\"image\":{\"@id\":\"https:\\\/\\\/www.shcote-nord.org\\\/wp\\\/?page_id=1359#primaryimage\"},\"thumbnailUrl\":\"http:\\\/\\\/www.shcote-nord.org\\\/wp\\\/wp-content\\\/uploads\\\/2017\\\/08\\\/80ansdhistoire-en-images001-230x300.jpg\",\"datePublished\":\"2017-08-17T19:02:19+00:00\",\"dateModified\":\"2023-08-21T18:05:58+00:00\",\"breadcrumb\":{\"@id\":\"https:\\\/\\\/www.shcote-nord.org\\\/wp\\\/?page_id=1359#breadcrumb\"},\"inLanguage\":\"fr-FR\",\"potentialAction\":[{\"@type\":\"ReadAction\",\"target\":[\"https:\\\/\\\/www.shcote-nord.org\\\/wp\\\/?page_id=1359\"]}]},{\"@type\":\"ImageObject\",\"inLanguage\":\"fr-FR\",\"@id\":\"https:\\\/\\\/www.shcote-nord.org\\\/wp\\\/?page_id=1359#primaryimage\",\"url\":\"http:\\\/\\\/www.shcote-nord.org\\\/wp\\\/wp-content\\\/uploads\\\/2017\\\/08\\\/80ansdhistoire-en-images001-230x300.jpg\",\"contentUrl\":\"http:\\\/\\\/www.shcote-nord.org\\\/wp\\\/wp-content\\\/uploads\\\/2017\\\/08\\\/80ansdhistoire-en-images001-230x300.jpg\"},{\"@type\":\"BreadcrumbList\",\"@id\":\"https:\\\/\\\/www.shcote-nord.org\\\/wp\\\/?page_id=1359#breadcrumb\",\"itemListElement\":[{\"@type\":\"ListItem\",\"position\":1,\"name\":\"Accueil\",\"item\":\"https:\\\/\\\/www.shcote-nord.org\\\/wp\"},{\"@type\":\"ListItem\",\"position\":2,\"name\":\"Publications\",\"item\":\"https:\\\/\\\/www.shcote-nord.org\\\/wp\\\/?page_id=69\"},{\"@type\":\"ListItem\",\"position\":3,\"name\":\"Collection sites et villages nord-c\u00f4tiers\"}]},{\"@type\":\"WebSite\",\"@id\":\"https:\\\/\\\/www.shcote-nord.org\\\/wp\\\/#website\",\"url\":\"https:\\\/\\\/www.shcote-nord.org\\\/wp\\\/\",\"name\":\"Soci\u00e9t\u00e9 historique de la C\u00f4te-Nord\",\"description\":\"Centre d&#039;archives priv\u00e9es de la SHCN\",\"publisher\":{\"@id\":\"https:\\\/\\\/www.shcote-nord.org\\\/wp\\\/#organization\"},\"potentialAction\":[{\"@type\":\"SearchAction\",\"target\":{\"@type\":\"EntryPoint\",\"urlTemplate\":\"https:\\\/\\\/www.shcote-nord.org\\\/wp\\\/?s={search_term_string}\"},\"query-input\":{\"@type\":\"PropertyValueSpecification\",\"valueRequired\":true,\"valueName\":\"search_term_string\"}}],\"inLanguage\":\"fr-FR\"},{\"@type\":\"Organization\",\"@id\":\"https:\\\/\\\/www.shcote-nord.org\\\/wp\\\/#organization\",\"name\":\"Soci\u00e9t\u00e9 historique de la C\u00f4te-Nord\",\"url\":\"https:\\\/\\\/www.shcote-nord.org\\\/wp\\\/\",\"logo\":{\"@type\":\"ImageObject\",\"inLanguage\":\"fr-FR\",\"@id\":\"https:\\\/\\\/www.shcote-nord.org\\\/wp\\\/#\\\/schema\\\/logo\\\/image\\\/\",\"url\":\"https:\\\/\\\/i2.wp.com\\\/www.shcote-nord.org\\\/wp\\\/wp-content\\\/uploads\\\/2017\\\/09\\\/Sans-titre-1-copie.png?fit=2543%2C939\",\"contentUrl\":\"https:\\\/\\\/i2.wp.com\\\/www.shcote-nord.org\\\/wp\\\/wp-content\\\/uploads\\\/2017\\\/09\\\/Sans-titre-1-copie.png?fit=2543%2C939\",\"width\":2543,\"height\":939,\"caption\":\"Soci\u00e9t\u00e9 historique de la C\u00f4te-Nord\"},\"image\":{\"@id\":\"https:\\\/\\\/www.shcote-nord.org\\\/wp\\\/#\\\/schema\\\/logo\\\/image\\\/\"},\"sameAs\":[\"https:\\\/\\\/www.facebook.com\\\/shcotenord\\\/\"]}]}<\/script>\n<!-- \/ Yoast SEO plugin. -->","yoast_head_json":{"title":"Collection sites et villages nord-c\u00f4tiers &#8902; Soci\u00e9t\u00e9 historique de la C\u00f4te-Nord","robots":{"index":"index","follow":"follow","max-snippet":"max-snippet:-1","max-image-preview":"max-image-preview:large","max-video-preview":"max-video-preview:-1"},"canonical":"https:\/\/www.shcote-nord.org\/wp\/?page_id=1359","og_locale":"fr_FR","og_type":"article","og_title":"Collection sites et villages nord-c\u00f4tiers &#8902; Soci\u00e9t\u00e9 historique de la C\u00f4te-Nord","og_description":"80 ans d&rsquo;histoire en images \u00a0| 2017 | 10,00$ par: Catherine Pellerin et Rapha\u00ebl Hovington R\u00e9sum\u00e9 Baie-Comeau over the years | 2013 | 45,00$ par: Marie-\u00c8ve Ch\u00eanevert, Pierre-Philippe Landry, Catherine Pellerin R\u00e9sum\u00e9 Baie-Comeau au fil du temps | 2012 | \u00c9puis\u00e9 par: Marie-\u00c8ve Ch\u00eanevert, Pierre-Philippe Landry,\u00a0Catherine Pellerin R\u00e9sum\u00e9 Chute-aux-Outardes | 2007 | 40,00$ par: Pierre &hellip; Lire la suite de Collection sites et villages nord-c\u00f4tiers","og_url":"https:\/\/www.shcote-nord.org\/wp\/?page_id=1359","og_site_name":"Soci\u00e9t\u00e9 historique de la C\u00f4te-Nord","article_publisher":"https:\/\/www.facebook.com\/shcotenord\/","article_modified_time":"2023-08-21T18:05:58+00:00","og_image":[{"url":"http:\/\/www.shcote-nord.org\/wp\/wp-content\/uploads\/2017\/08\/80ansdhistoire-en-images001-230x300.jpg","type":"","width":"","height":""}],"twitter_card":"summary_large_image","twitter_misc":{"Dur\u00e9e de lecture estim\u00e9e":"4 minutes"},"schema":{"@context":"https:\/\/schema.org","@graph":[{"@type":"WebPage","@id":"https:\/\/www.shcote-nord.org\/wp\/?page_id=1359","url":"https:\/\/www.shcote-nord.org\/wp\/?page_id=1359","name":"Collection sites et villages nord-c\u00f4tiers &#8902; Soci\u00e9t\u00e9 historique de la C\u00f4te-Nord","isPartOf":{"@id":"https:\/\/www.shcote-nord.org\/wp\/#website"},"primaryImageOfPage":{"@id":"https:\/\/www.shcote-nord.org\/wp\/?page_id=1359#primaryimage"},"image":{"@id":"https:\/\/www.shcote-nord.org\/wp\/?page_id=1359#primaryimage"},"thumbnailUrl":"http:\/\/www.shcote-nord.org\/wp\/wp-content\/uploads\/2017\/08\/80ansdhistoire-en-images001-230x300.jpg","datePublished":"2017-08-17T19:02:19+00:00","dateModified":"2023-08-21T18:05:58+00:00","breadcrumb":{"@id":"https:\/\/www.shcote-nord.org\/wp\/?page_id=1359#breadcrumb"},"inLanguage":"fr-FR","potentialAction":[{"@type":"ReadAction","target":["https:\/\/www.shcote-nord.org\/wp\/?page_id=1359"]}]},{"@type":"ImageObject","inLanguage":"fr-FR","@id":"https:\/\/www.shcote-nord.org\/wp\/?page_id=1359#primaryimage","url":"http:\/\/www.shcote-nord.org\/wp\/wp-content\/uploads\/2017\/08\/80ansdhistoire-en-images001-230x300.jpg","contentUrl":"http:\/\/www.shcote-nord.org\/wp\/wp-content\/uploads\/2017\/08\/80ansdhistoire-en-images001-230x300.jpg"},{"@type":"BreadcrumbList","@id":"https:\/\/www.shcote-nord.org\/wp\/?page_id=1359#breadcrumb","itemListElement":[{"@type":"ListItem","position":1,"name":"Accueil","item":"https:\/\/www.shcote-nord.org\/wp"},{"@type":"ListItem","position":2,"name":"Publications","item":"https:\/\/www.shcote-nord.org\/wp\/?page_id=69"},{"@type":"ListItem","position":3,"name":"Collection sites et villages nord-c\u00f4tiers"}]},{"@type":"WebSite","@id":"https:\/\/www.shcote-nord.org\/wp\/#website","url":"https:\/\/www.shcote-nord.org\/wp\/","name":"Soci\u00e9t\u00e9 historique de la C\u00f4te-Nord","description":"Centre d&#039;archives priv\u00e9es de la SHCN","publisher":{"@id":"https:\/\/www.shcote-nord.org\/wp\/#organization"},"potentialAction":[{"@type":"SearchAction","target":{"@type":"EntryPoint","urlTemplate":"https:\/\/www.shcote-nord.org\/wp\/?s={search_term_string}"},"query-input":{"@type":"PropertyValueSpecification","valueRequired":true,"valueName":"search_term_string"}}],"inLanguage":"fr-FR"},{"@type":"Organization","@id":"https:\/\/www.shcote-nord.org\/wp\/#organization","name":"Soci\u00e9t\u00e9 historique de la C\u00f4te-Nord","url":"https:\/\/www.shcote-nord.org\/wp\/","logo":{"@type":"ImageObject","inLanguage":"fr-FR","@id":"https:\/\/www.shcote-nord.org\/wp\/#\/schema\/logo\/image\/","url":"https:\/\/i2.wp.com\/www.shcote-nord.org\/wp\/wp-content\/uploads\/2017\/09\/Sans-titre-1-copie.png?fit=2543%2C939","contentUrl":"https:\/\/i2.wp.com\/www.shcote-nord.org\/wp\/wp-content\/uploads\/2017\/09\/Sans-titre-1-copie.png?fit=2543%2C939","width":2543,"height":939,"caption":"Soci\u00e9t\u00e9 historique de la C\u00f4te-Nord"},"image":{"@id":"https:\/\/www.shcote-nord.org\/wp\/#\/schema\/logo\/image\/"},"sameAs":["https:\/\/www.facebook.com\/shcotenord\/"]}]}},"_links":{"self":[{"href":"https:\/\/www.shcote-nord.org\/wp\/index.php?rest_route=\/wp\/v2\/pages\/1359","targetHints":{"allow":["GET"]}}],"collection":[{"href":"https:\/\/www.shcote-nord.org\/wp\/index.php?rest_route=\/wp\/v2\/pages"}],"about":[{"href":"https:\/\/www.shcote-nord.org\/wp\/index.php?rest_route=\/wp\/v2\/types\/page"}],"author":[{"embeddable":true,"href":"https:\/\/www.shcote-nord.org\/wp\/index.php?rest_route=\/wp\/v2\/users\/1"}],"replies":[{"embeddable":true,"href":"https:\/\/www.shcote-nord.org\/wp\/index.php?rest_route=%2Fwp%2Fv2%2Fcomments&post=1359"}],"version-history":[{"count":24,"href":"https:\/\/www.shcote-nord.org\/wp\/index.php?rest_route=\/wp\/v2\/pages\/1359\/revisions"}],"predecessor-version":[{"id":46857,"href":"https:\/\/www.shcote-nord.org\/wp\/index.php?rest_route=\/wp\/v2\/pages\/1359\/revisions\/46857"}],"up":[{"embeddable":true,"href":"https:\/\/www.shcote-nord.org\/wp\/index.php?rest_route=\/wp\/v2\/pages\/69"}],"wp:attachment":[{"href":"https:\/\/www.shcote-nord.org\/wp\/index.php?rest_route=%2Fwp%2Fv2%2Fmedia&parent=1359"}],"curies":[{"name":"wp","href":"https:\/\/api.w.org\/{rel}","templated":true}]}}