{"id":1163,"date":"2017-08-13T13:54:20","date_gmt":"2017-08-13T17:54:20","guid":{"rendered":"https:\/\/exemple9963.wordpress.com\/?page_id=1163"},"modified":"2017-11-15T20:53:23","modified_gmt":"2017-11-16T01:53:23","slug":"collection2","status":"publish","type":"page","link":"https:\/\/www.shcote-nord.org\/wp\/?page_id=1163","title":{"rendered":"Collection Nord-C\u00f4tier\/Nord-C\u00f4ti\u00e8re"},"content":{"rendered":"<h4><span style=\"color: #31ce31;\"><span style=\"color: #cccccc;\">Garde Mailloux, infirmi\u00e8re de colonie de 1951 \u00e0 1986; Les Bergeronnes | 2006 |<\/span> \u00c9puis\u00e9<\/span><\/h4>\n<p><img loading=\"lazy\" decoding=\"async\" class=\"alignleft wp-image-1659\" src=\"http:\/\/www.shcote-nord.org\/wp\/wp-content\/uploads\/2017\/11\/A-018.jpg\" alt=\"\" width=\"147\" height=\"230\" srcset=\"https:\/\/www.shcote-nord.org\/wp\/wp-content\/uploads\/2017\/11\/A-018.jpg 1614w, https:\/\/www.shcote-nord.org\/wp\/wp-content\/uploads\/2017\/11\/A-018-192x300.jpg 192w, https:\/\/www.shcote-nord.org\/wp\/wp-content\/uploads\/2017\/11\/A-018-768x1201.jpg 768w, https:\/\/www.shcote-nord.org\/wp\/wp-content\/uploads\/2017\/11\/A-018-655x1024.jpg 655w, https:\/\/www.shcote-nord.org\/wp\/wp-content\/uploads\/2017\/11\/A-018-1080x1689.jpg 1080w\" sizes=\"auto, (max-width: 147px) 100vw, 147px\" \/>Par: Claire-Andr\u00e9e Frenette-Leclerc<\/p>\n<p><a href=\"http:\/\/www.shcote-nord.org\/wp\/?page_id=1596\">R\u00e9sum\u00e9<\/a><\/p>\n<hr \/>\n<h4><span style=\"color: #31ce31;\"><span style=\"color: #cccccc;\">Les m\u00e9moires d&rsquo;un pionnier de la C\u00f4te-Nord : quelques souvenirs (1905-1931) et chronique du dioc\u00e8se du Golfe Saint-Laurent (1938-1956) | 2003 |<\/span> \u00c9puis\u00e9<\/span><\/h4>\n<p><img loading=\"lazy\" decoding=\"async\" class=\"alignleft wp-image-1661\" src=\"http:\/\/www.shcote-nord.org\/wp\/wp-content\/uploads\/2017\/11\/A-022.jpg\" alt=\"\" width=\"145\" height=\"217\" srcset=\"https:\/\/www.shcote-nord.org\/wp\/wp-content\/uploads\/2017\/11\/A-022.jpg 1763w, https:\/\/www.shcote-nord.org\/wp\/wp-content\/uploads\/2017\/11\/A-022-201x300.jpg 201w, https:\/\/www.shcote-nord.org\/wp\/wp-content\/uploads\/2017\/11\/A-022-768x1144.jpg 768w, https:\/\/www.shcote-nord.org\/wp\/wp-content\/uploads\/2017\/11\/A-022-687x1024.jpg 687w, https:\/\/www.shcote-nord.org\/wp\/wp-content\/uploads\/2017\/11\/A-022-1080x1609.jpg 1080w\" sizes=\"auto, (max-width: 145px) 100vw, 145px\" \/>Par Napol\u00e9on-Alexandre Labrie<br \/>\nRetranscrit et annot\u00e9 par: Pierre Frenette<\/p>\n<p><a href=\"http:\/\/www.shcote-nord.org\/wp\/?page_id=1964\" target=\"_blank\" rel=\"noopener\">R\u00e9sum\u00e9<\/a><\/p>\n<hr \/>\n<h4><span style=\"color: #31ce31;\"><span style=\"color: #cccccc;\">Vari\u00e9t\u00e9s de diverses farces et autres faits ridicules arriv\u00e9s \u00e0 la Pointe ou encore \u00e0 des habitants de la Pointe | 1997 |<\/span> \u00c9puis\u00e9<\/span><\/h4>\n<p><img loading=\"lazy\" decoding=\"async\" class=\"alignleft wp-image-1658\" src=\"http:\/\/www.shcote-nord.org\/wp\/wp-content\/uploads\/2017\/11\/A-017.jpg\" alt=\"\" width=\"147\" height=\"218\" srcset=\"https:\/\/www.shcote-nord.org\/wp\/wp-content\/uploads\/2017\/11\/A-017.jpg 1594w, https:\/\/www.shcote-nord.org\/wp\/wp-content\/uploads\/2017\/11\/A-017-203x300.jpg 203w, https:\/\/www.shcote-nord.org\/wp\/wp-content\/uploads\/2017\/11\/A-017-768x1134.jpg 768w, https:\/\/www.shcote-nord.org\/wp\/wp-content\/uploads\/2017\/11\/A-017-693x1024.jpg 693w, https:\/\/www.shcote-nord.org\/wp\/wp-content\/uploads\/2017\/11\/A-017-1080x1595.jpg 1080w\" sizes=\"auto, (max-width: 147px) 100vw, 147px\" \/>Par Placide Vigneau<br \/>\nRetranscrit et annot\u00e9 par: Pierre Frenette et Guy C\u00f4t\u00e9<\/p>\n<p>R\u00e9sum\u00e9<\/p>\n<hr \/>\n<h4><span style=\"color: #31ce31;\"><span style=\"color: #cccccc;\">Les m\u00e9moires d&rsquo;une grand-m\u00e8re | 1995 |<\/span> \u00c9puis\u00e9<\/span><\/h4>\n<p><img loading=\"lazy\" decoding=\"async\" class=\"alignleft wp-image-1746\" src=\"http:\/\/www.shcote-nord.org\/wp\/wp-content\/uploads\/2017\/11\/BertheTremblay_0_001.jpg\" alt=\"\" width=\"145\" height=\"198\" srcset=\"https:\/\/www.shcote-nord.org\/wp\/wp-content\/uploads\/2017\/11\/BertheTremblay_0_001.jpg 1950w, https:\/\/www.shcote-nord.org\/wp\/wp-content\/uploads\/2017\/11\/BertheTremblay_0_001-220x300.jpg 220w, https:\/\/www.shcote-nord.org\/wp\/wp-content\/uploads\/2017\/11\/BertheTremblay_0_001-768x1048.jpg 768w, https:\/\/www.shcote-nord.org\/wp\/wp-content\/uploads\/2017\/11\/BertheTremblay_0_001-751x1024.jpg 751w, https:\/\/www.shcote-nord.org\/wp\/wp-content\/uploads\/2017\/11\/BertheTremblay_0_001-1080x1473.jpg 1080w\" sizes=\"auto, (max-width: 145px) 100vw, 145px\" \/>Par Marie-Berthe Tremblay<\/p>\n<p>R\u00e9sum\u00e9<\/p>\n","protected":false},"excerpt":{"rendered":"<p>Garde Mailloux, infirmi\u00e8re de colonie de 1951 \u00e0 1986; Les Bergeronnes | 2006 | \u00c9puis\u00e9 Par: Claire-Andr\u00e9e Frenette-Leclerc R\u00e9sum\u00e9 Les m\u00e9moires d&rsquo;un pionnier de la C\u00f4te-Nord : quelques souvenirs (1905-1931) et chronique du dioc\u00e8se du Golfe Saint-Laurent (1938-1956) | 2003 | \u00c9puis\u00e9 Par Napol\u00e9on-Alexandre Labrie Retranscrit et annot\u00e9 par: Pierre Frenette R\u00e9sum\u00e9 Vari\u00e9t\u00e9s de diverses &hellip; <a href=\"https:\/\/www.shcote-nord.org\/wp\/?page_id=1163\" class=\"more-link\">Lire la suite de <span class=\"screen-reader-text\">Collection Nord-C\u00f4tier\/Nord-C\u00f4ti\u00e8re<\/span><\/a><\/p>\n","protected":false},"author":1,"featured_media":0,"parent":69,"menu_order":0,"comment_status":"closed","ping_status":"closed","template":"","meta":{"_mc_calendar":[],"footnotes":""},"class_list":["post-1163","page","type-page","status-publish","hentry","no-featured-image"],"yoast_head":"<!-- This site is optimized with the Yoast SEO plugin v27.5 - https:\/\/yoast.com\/product\/yoast-seo-wordpress\/ -->\n<title>Collection Nord-C\u00f4tier\/Nord-C\u00f4ti\u00e8re &#8902; Soci\u00e9t\u00e9 historique de la C\u00f4te-Nord<\/title>\n<meta name=\"robots\" content=\"index, follow, max-snippet:-1, max-image-preview:large, max-video-preview:-1\" \/>\n<link rel=\"canonical\" href=\"https:\/\/www.shcote-nord.org\/wp\/?page_id=1163\" \/>\n<meta property=\"og:locale\" content=\"fr_FR\" \/>\n<meta property=\"og:type\" content=\"article\" \/>\n<meta property=\"og:title\" content=\"Collection Nord-C\u00f4tier\/Nord-C\u00f4ti\u00e8re &#8902; Soci\u00e9t\u00e9 historique de la C\u00f4te-Nord\" \/>\n<meta property=\"og:description\" content=\"Garde Mailloux, infirmi\u00e8re de colonie de 1951 \u00e0 1986; Les Bergeronnes | 2006 | \u00c9puis\u00e9 Par: Claire-Andr\u00e9e Frenette-Leclerc R\u00e9sum\u00e9 Les m\u00e9moires d&rsquo;un pionnier de la C\u00f4te-Nord : quelques souvenirs (1905-1931) et chronique du dioc\u00e8se du Golfe Saint-Laurent (1938-1956) | 2003 | \u00c9puis\u00e9 Par Napol\u00e9on-Alexandre Labrie Retranscrit et annot\u00e9 par: Pierre Frenette R\u00e9sum\u00e9 Vari\u00e9t\u00e9s de diverses &hellip; Lire la suite de Collection Nord-C\u00f4tier\/Nord-C\u00f4ti\u00e8re\" \/>\n<meta property=\"og:url\" content=\"https:\/\/www.shcote-nord.org\/wp\/?page_id=1163\" \/>\n<meta property=\"og:site_name\" content=\"Soci\u00e9t\u00e9 historique de la C\u00f4te-Nord\" \/>\n<meta property=\"article:publisher\" content=\"https:\/\/www.facebook.com\/shcotenord\/\" \/>\n<meta property=\"article:modified_time\" content=\"2017-11-16T01:53:23+00:00\" \/>\n<meta property=\"og:image\" content=\"http:\/\/www.shcote-nord.org\/wp\/wp-content\/uploads\/2017\/11\/A-018.jpg\" \/>\n<meta name=\"twitter:card\" content=\"summary_large_image\" \/>\n<script type=\"application\/ld+json\" class=\"yoast-schema-graph\">{\"@context\":\"https:\\\/\\\/schema.org\",\"@graph\":[{\"@type\":\"WebPage\",\"@id\":\"https:\\\/\\\/www.shcote-nord.org\\\/wp\\\/?page_id=1163\",\"url\":\"https:\\\/\\\/www.shcote-nord.org\\\/wp\\\/?page_id=1163\",\"name\":\"Collection Nord-C\u00f4tier\\\/Nord-C\u00f4ti\u00e8re &#8902; Soci\u00e9t\u00e9 historique de la C\u00f4te-Nord\",\"isPartOf\":{\"@id\":\"https:\\\/\\\/www.shcote-nord.org\\\/wp\\\/#website\"},\"primaryImageOfPage\":{\"@id\":\"https:\\\/\\\/www.shcote-nord.org\\\/wp\\\/?page_id=1163#primaryimage\"},\"image\":{\"@id\":\"https:\\\/\\\/www.shcote-nord.org\\\/wp\\\/?page_id=1163#primaryimage\"},\"thumbnailUrl\":\"http:\\\/\\\/www.shcote-nord.org\\\/wp\\\/wp-content\\\/uploads\\\/2017\\\/11\\\/A-018.jpg\",\"datePublished\":\"2017-08-13T17:54:20+00:00\",\"dateModified\":\"2017-11-16T01:53:23+00:00\",\"breadcrumb\":{\"@id\":\"https:\\\/\\\/www.shcote-nord.org\\\/wp\\\/?page_id=1163#breadcrumb\"},\"inLanguage\":\"fr-FR\",\"potentialAction\":[{\"@type\":\"ReadAction\",\"target\":[\"https:\\\/\\\/www.shcote-nord.org\\\/wp\\\/?page_id=1163\"]}]},{\"@type\":\"ImageObject\",\"inLanguage\":\"fr-FR\",\"@id\":\"https:\\\/\\\/www.shcote-nord.org\\\/wp\\\/?page_id=1163#primaryimage\",\"url\":\"http:\\\/\\\/www.shcote-nord.org\\\/wp\\\/wp-content\\\/uploads\\\/2017\\\/11\\\/A-018.jpg\",\"contentUrl\":\"http:\\\/\\\/www.shcote-nord.org\\\/wp\\\/wp-content\\\/uploads\\\/2017\\\/11\\\/A-018.jpg\"},{\"@type\":\"BreadcrumbList\",\"@id\":\"https:\\\/\\\/www.shcote-nord.org\\\/wp\\\/?page_id=1163#breadcrumb\",\"itemListElement\":[{\"@type\":\"ListItem\",\"position\":1,\"name\":\"Accueil\",\"item\":\"https:\\\/\\\/www.shcote-nord.org\\\/wp\"},{\"@type\":\"ListItem\",\"position\":2,\"name\":\"Publications\",\"item\":\"https:\\\/\\\/www.shcote-nord.org\\\/wp\\\/?page_id=69\"},{\"@type\":\"ListItem\",\"position\":3,\"name\":\"Collection Nord-C\u00f4tier\\\/Nord-C\u00f4ti\u00e8re\"}]},{\"@type\":\"WebSite\",\"@id\":\"https:\\\/\\\/www.shcote-nord.org\\\/wp\\\/#website\",\"url\":\"https:\\\/\\\/www.shcote-nord.org\\\/wp\\\/\",\"name\":\"Soci\u00e9t\u00e9 historique de la C\u00f4te-Nord\",\"description\":\"Centre d&#039;archives priv\u00e9es de la SHCN\",\"publisher\":{\"@id\":\"https:\\\/\\\/www.shcote-nord.org\\\/wp\\\/#organization\"},\"potentialAction\":[{\"@type\":\"SearchAction\",\"target\":{\"@type\":\"EntryPoint\",\"urlTemplate\":\"https:\\\/\\\/www.shcote-nord.org\\\/wp\\\/?s={search_term_string}\"},\"query-input\":{\"@type\":\"PropertyValueSpecification\",\"valueRequired\":true,\"valueName\":\"search_term_string\"}}],\"inLanguage\":\"fr-FR\"},{\"@type\":\"Organization\",\"@id\":\"https:\\\/\\\/www.shcote-nord.org\\\/wp\\\/#organization\",\"name\":\"Soci\u00e9t\u00e9 historique de la C\u00f4te-Nord\",\"url\":\"https:\\\/\\\/www.shcote-nord.org\\\/wp\\\/\",\"logo\":{\"@type\":\"ImageObject\",\"inLanguage\":\"fr-FR\",\"@id\":\"https:\\\/\\\/www.shcote-nord.org\\\/wp\\\/#\\\/schema\\\/logo\\\/image\\\/\",\"url\":\"https:\\\/\\\/i2.wp.com\\\/www.shcote-nord.org\\\/wp\\\/wp-content\\\/uploads\\\/2017\\\/09\\\/Sans-titre-1-copie.png?fit=2543%2C939\",\"contentUrl\":\"https:\\\/\\\/i2.wp.com\\\/www.shcote-nord.org\\\/wp\\\/wp-content\\\/uploads\\\/2017\\\/09\\\/Sans-titre-1-copie.png?fit=2543%2C939\",\"width\":2543,\"height\":939,\"caption\":\"Soci\u00e9t\u00e9 historique de la C\u00f4te-Nord\"},\"image\":{\"@id\":\"https:\\\/\\\/www.shcote-nord.org\\\/wp\\\/#\\\/schema\\\/logo\\\/image\\\/\"},\"sameAs\":[\"https:\\\/\\\/www.facebook.com\\\/shcotenord\\\/\"]}]}<\/script>\n<!-- \/ Yoast SEO plugin. -->","yoast_head_json":{"title":"Collection Nord-C\u00f4tier\/Nord-C\u00f4ti\u00e8re &#8902; Soci\u00e9t\u00e9 historique de la C\u00f4te-Nord","robots":{"index":"index","follow":"follow","max-snippet":"max-snippet:-1","max-image-preview":"max-image-preview:large","max-video-preview":"max-video-preview:-1"},"canonical":"https:\/\/www.shcote-nord.org\/wp\/?page_id=1163","og_locale":"fr_FR","og_type":"article","og_title":"Collection Nord-C\u00f4tier\/Nord-C\u00f4ti\u00e8re &#8902; Soci\u00e9t\u00e9 historique de la C\u00f4te-Nord","og_description":"Garde Mailloux, infirmi\u00e8re de colonie de 1951 \u00e0 1986; Les Bergeronnes | 2006 | \u00c9puis\u00e9 Par: Claire-Andr\u00e9e Frenette-Leclerc R\u00e9sum\u00e9 Les m\u00e9moires d&rsquo;un pionnier de la C\u00f4te-Nord : quelques souvenirs (1905-1931) et chronique du dioc\u00e8se du Golfe Saint-Laurent (1938-1956) | 2003 | \u00c9puis\u00e9 Par Napol\u00e9on-Alexandre Labrie Retranscrit et annot\u00e9 par: Pierre Frenette R\u00e9sum\u00e9 Vari\u00e9t\u00e9s de diverses &hellip; Lire la suite de Collection Nord-C\u00f4tier\/Nord-C\u00f4ti\u00e8re","og_url":"https:\/\/www.shcote-nord.org\/wp\/?page_id=1163","og_site_name":"Soci\u00e9t\u00e9 historique de la C\u00f4te-Nord","article_publisher":"https:\/\/www.facebook.com\/shcotenord\/","article_modified_time":"2017-11-16T01:53:23+00:00","og_image":[{"url":"http:\/\/www.shcote-nord.org\/wp\/wp-content\/uploads\/2017\/11\/A-018.jpg","type":"","width":"","height":""}],"twitter_card":"summary_large_image","schema":{"@context":"https:\/\/schema.org","@graph":[{"@type":"WebPage","@id":"https:\/\/www.shcote-nord.org\/wp\/?page_id=1163","url":"https:\/\/www.shcote-nord.org\/wp\/?page_id=1163","name":"Collection Nord-C\u00f4tier\/Nord-C\u00f4ti\u00e8re &#8902; Soci\u00e9t\u00e9 historique de la C\u00f4te-Nord","isPartOf":{"@id":"https:\/\/www.shcote-nord.org\/wp\/#website"},"primaryImageOfPage":{"@id":"https:\/\/www.shcote-nord.org\/wp\/?page_id=1163#primaryimage"},"image":{"@id":"https:\/\/www.shcote-nord.org\/wp\/?page_id=1163#primaryimage"},"thumbnailUrl":"http:\/\/www.shcote-nord.org\/wp\/wp-content\/uploads\/2017\/11\/A-018.jpg","datePublished":"2017-08-13T17:54:20+00:00","dateModified":"2017-11-16T01:53:23+00:00","breadcrumb":{"@id":"https:\/\/www.shcote-nord.org\/wp\/?page_id=1163#breadcrumb"},"inLanguage":"fr-FR","potentialAction":[{"@type":"ReadAction","target":["https:\/\/www.shcote-nord.org\/wp\/?page_id=1163"]}]},{"@type":"ImageObject","inLanguage":"fr-FR","@id":"https:\/\/www.shcote-nord.org\/wp\/?page_id=1163#primaryimage","url":"http:\/\/www.shcote-nord.org\/wp\/wp-content\/uploads\/2017\/11\/A-018.jpg","contentUrl":"http:\/\/www.shcote-nord.org\/wp\/wp-content\/uploads\/2017\/11\/A-018.jpg"},{"@type":"BreadcrumbList","@id":"https:\/\/www.shcote-nord.org\/wp\/?page_id=1163#breadcrumb","itemListElement":[{"@type":"ListItem","position":1,"name":"Accueil","item":"https:\/\/www.shcote-nord.org\/wp"},{"@type":"ListItem","position":2,"name":"Publications","item":"https:\/\/www.shcote-nord.org\/wp\/?page_id=69"},{"@type":"ListItem","position":3,"name":"Collection Nord-C\u00f4tier\/Nord-C\u00f4ti\u00e8re"}]},{"@type":"WebSite","@id":"https:\/\/www.shcote-nord.org\/wp\/#website","url":"https:\/\/www.shcote-nord.org\/wp\/","name":"Soci\u00e9t\u00e9 historique de la C\u00f4te-Nord","description":"Centre d&#039;archives priv\u00e9es de la SHCN","publisher":{"@id":"https:\/\/www.shcote-nord.org\/wp\/#organization"},"potentialAction":[{"@type":"SearchAction","target":{"@type":"EntryPoint","urlTemplate":"https:\/\/www.shcote-nord.org\/wp\/?s={search_term_string}"},"query-input":{"@type":"PropertyValueSpecification","valueRequired":true,"valueName":"search_term_string"}}],"inLanguage":"fr-FR"},{"@type":"Organization","@id":"https:\/\/www.shcote-nord.org\/wp\/#organization","name":"Soci\u00e9t\u00e9 historique de la C\u00f4te-Nord","url":"https:\/\/www.shcote-nord.org\/wp\/","logo":{"@type":"ImageObject","inLanguage":"fr-FR","@id":"https:\/\/www.shcote-nord.org\/wp\/#\/schema\/logo\/image\/","url":"https:\/\/i2.wp.com\/www.shcote-nord.org\/wp\/wp-content\/uploads\/2017\/09\/Sans-titre-1-copie.png?fit=2543%2C939","contentUrl":"https:\/\/i2.wp.com\/www.shcote-nord.org\/wp\/wp-content\/uploads\/2017\/09\/Sans-titre-1-copie.png?fit=2543%2C939","width":2543,"height":939,"caption":"Soci\u00e9t\u00e9 historique de la C\u00f4te-Nord"},"image":{"@id":"https:\/\/www.shcote-nord.org\/wp\/#\/schema\/logo\/image\/"},"sameAs":["https:\/\/www.facebook.com\/shcotenord\/"]}]}},"_links":{"self":[{"href":"https:\/\/www.shcote-nord.org\/wp\/index.php?rest_route=\/wp\/v2\/pages\/1163","targetHints":{"allow":["GET"]}}],"collection":[{"href":"https:\/\/www.shcote-nord.org\/wp\/index.php?rest_route=\/wp\/v2\/pages"}],"about":[{"href":"https:\/\/www.shcote-nord.org\/wp\/index.php?rest_route=\/wp\/v2\/types\/page"}],"author":[{"embeddable":true,"href":"https:\/\/www.shcote-nord.org\/wp\/index.php?rest_route=\/wp\/v2\/users\/1"}],"replies":[{"embeddable":true,"href":"https:\/\/www.shcote-nord.org\/wp\/index.php?rest_route=%2Fwp%2Fv2%2Fcomments&post=1163"}],"version-history":[{"count":8,"href":"https:\/\/www.shcote-nord.org\/wp\/index.php?rest_route=\/wp\/v2\/pages\/1163\/revisions"}],"predecessor-version":[{"id":1974,"href":"https:\/\/www.shcote-nord.org\/wp\/index.php?rest_route=\/wp\/v2\/pages\/1163\/revisions\/1974"}],"up":[{"embeddable":true,"href":"https:\/\/www.shcote-nord.org\/wp\/index.php?rest_route=\/wp\/v2\/pages\/69"}],"wp:attachment":[{"href":"https:\/\/www.shcote-nord.org\/wp\/index.php?rest_route=%2Fwp%2Fv2%2Fmedia&parent=1163"}],"curies":[{"name":"wp","href":"https:\/\/api.w.org\/{rel}","templated":true}]}}